{"id":1972,"date":"2026-01-20T12:00:40","date_gmt":"2026-01-20T11:00:40","guid":{"rendered":"https:\/\/paysagiste-couvreur.com\/?page_id=1972"},"modified":"2026-01-22T09:54:10","modified_gmt":"2026-01-22T08:54:10","slug":"nos-realisations","status":"publish","type":"page","link":"https:\/\/paysagiste-couvreur.com\/nos-realisations\/","title":{"rendered":"Nos r\u00e9alisations"},"content":{"rendered":"\t\t<div data-elementor-type=\"wp-page\" data-elementor-id=\"1972\" class=\"elementor elementor-1972\" data-elementor-post-type=\"page\">\n\t\t\t\t\t\t<section class=\"elementor-section elementor-top-section elementor-element elementor-element-73992f40 elementor-section-height-min-height elementor-section-content-middle elementor-section-stretched elementor-section-boxed elementor-section-height-default elementor-section-items-middle\" data-id=\"73992f40\" data-element_type=\"section\" data-e-type=\"section\" data-settings=\"{&quot;background_background&quot;:&quot;classic&quot;,&quot;stretch_section&quot;:&quot;section-stretched&quot;}\">\n\t\t\t\t\t\t<div class=\"elementor-container elementor-column-gap-default\">\n\t\t\t\t\t<div class=\"elementor-column elementor-col-100 elementor-top-column elementor-element elementor-element-25533690\" data-id=\"25533690\" data-element_type=\"column\" data-e-type=\"column\">\n\t\t\t<div class=\"elementor-widget-wrap elementor-element-populated\">\n\t\t\t\t\t\t<div class=\"elementor-element elementor-element-5c2c914a elementor-widget elementor-widget-button\" data-id=\"5c2c914a\" data-element_type=\"widget\" data-e-type=\"widget\" data-widget_type=\"button.default\">\n\t\t\t\t<div class=\"elementor-widget-container\">\n\t\t\t\t\t\t\t\t\t<div class=\"elementor-button-wrapper\">\n\t\t\t\t\t<a class=\"elementor-button elementor-button-link elementor-size-sm\" href=\"https:\/\/paysagiste-couvreur.com\/contact\/\">\n\t\t\t\t\t\t<span class=\"elementor-button-content-wrapper\">\n\t\t\t\t\t\t\t\t\t<span class=\"elementor-button-text\">Contact<\/span>\n\t\t\t\t\t<\/span>\n\t\t\t\t\t<\/a>\n\t\t\t\t<\/div>\n\t\t\t\t\t\t\t\t<\/div>\n\t\t\t\t<\/div>\n\t\t\t\t\t<\/div>\n\t\t<\/div>\n\t\t\t\t\t<\/div>\n\t\t<\/section>\n\t\t\t\t<section class=\"elementor-section elementor-top-section elementor-element elementor-element-1122497d elementor-section-stretched elementor-section-boxed elementor-section-height-default elementor-section-height-default\" data-id=\"1122497d\" data-element_type=\"section\" data-e-type=\"section\" data-settings=\"{&quot;background_background&quot;:&quot;classic&quot;,&quot;stretch_section&quot;:&quot;section-stretched&quot;}\">\n\t\t\t\t\t\t<div class=\"elementor-container elementor-column-gap-default\">\n\t\t\t\t\t<div class=\"elementor-column elementor-col-100 elementor-top-column elementor-element elementor-element-2b4e9684\" data-id=\"2b4e9684\" data-element_type=\"column\" data-e-type=\"column\">\n\t\t\t<div class=\"elementor-widget-wrap elementor-element-populated\">\n\t\t\t\t\t\t<div class=\"elementor-element elementor-element-73bba410 elementor-widget elementor-widget-heading\" data-id=\"73bba410\" data-element_type=\"widget\" data-e-type=\"widget\" data-widget_type=\"heading.default\">\n\t\t\t\t<div class=\"elementor-widget-container\">\n\t\t\t\t\t<h1 class=\"elementor-heading-title elementor-size-default\">Cr\u00e9ation de jardin : Chef sur chantier <br>\navec un sp\u00e9cialiste pour vous conseiller<\/h1>\t\t\t\t<\/div>\n\t\t\t\t<\/div>\n\t\t\t\t<div class=\"elementor-element elementor-element-62eb694 elementor-widget-divider--view-line elementor-widget elementor-widget-divider\" data-id=\"62eb694\" data-element_type=\"widget\" data-e-type=\"widget\" data-widget_type=\"divider.default\">\n\t\t\t\t<div class=\"elementor-widget-container\">\n\t\t\t\t\t\t\t<div class=\"elementor-divider\">\n\t\t\t<span class=\"elementor-divider-separator\">\n\t\t\t\t\t\t<\/span>\n\t\t<\/div>\n\t\t\t\t\t\t<\/div>\n\t\t\t\t<\/div>\n\t\t\t\t<div class=\"elementor-element elementor-element-53506fe3 elementor-widget elementor-widget-text-editor\" data-id=\"53506fe3\" data-element_type=\"widget\" data-e-type=\"widget\" data-widget_type=\"text-editor.default\">\n\t\t\t\t<div class=\"elementor-widget-container\">\n\t\t\t\t\t\t\t\t\t<p>Yves Couvreur met \u00e0 votre disposition son savoir faire et son expertise pour \u00e9gayer votre jardin.<\/p><p>Nous utilisons les meilleurs \u00e9quipements pour rendre votre jardin vivant avec les couleurs du printemps.<\/p>\t\t\t\t\t\t\t\t<\/div>\n\t\t\t\t<\/div>\n\t\t\t\t<div class=\"elementor-element elementor-element-de4667f elementor-grid-1 elementor-posts--thumbnail-left elementor-grid-tablet-2 elementor-grid-mobile-1 elementor-widget elementor-widget-posts\" data-id=\"de4667f\" data-element_type=\"widget\" data-e-type=\"widget\" data-settings=\"{&quot;classic_columns&quot;:&quot;1&quot;,&quot;pagination_type&quot;:&quot;numbers_and_prev_next&quot;,&quot;classic_columns_tablet&quot;:&quot;2&quot;,&quot;classic_columns_mobile&quot;:&quot;1&quot;,&quot;classic_row_gap&quot;:{&quot;unit&quot;:&quot;px&quot;,&quot;size&quot;:35,&quot;sizes&quot;:[]},&quot;classic_row_gap_tablet&quot;:{&quot;unit&quot;:&quot;px&quot;,&quot;size&quot;:&quot;&quot;,&quot;sizes&quot;:[]},&quot;classic_row_gap_mobile&quot;:{&quot;unit&quot;:&quot;px&quot;,&quot;size&quot;:&quot;&quot;,&quot;sizes&quot;:[]}}\" data-widget_type=\"posts.classic\">\n\t\t\t\t<div class=\"elementor-widget-container\">\n\t\t\t\t\t\t\t<div class=\"elementor-posts-container elementor-posts elementor-posts--skin-classic elementor-grid\" role=\"list\">\n\t\t\t\t<article class=\"elementor-post elementor-grid-item post-2285 post type-post status-publish format-standard has-post-thumbnail hentry category-par-defaut\" role=\"listitem\">\n\t\t\t\t<a class=\"elementor-post__thumbnail__link\" href=\"https:\/\/paysagiste-couvreur.com\/2025\/11\/07\/realisation-faite-par-le-paysagiste-avant\/\" tabindex=\"-1\" >\n\t\t\t<div class=\"elementor-post__thumbnail\"><img fetchpriority=\"high\" decoding=\"async\" width=\"350\" height=\"350\" src=\"https:\/\/paysagiste-couvreur.com\/wp-content\/uploads\/2025\/11\/rea1.jpg\" class=\"attachment-full size-full wp-image-2287\" alt=\"\" srcset=\"https:\/\/paysagiste-couvreur.com\/wp-content\/uploads\/2025\/11\/rea1.jpg 350w, https:\/\/paysagiste-couvreur.com\/wp-content\/uploads\/2025\/11\/rea1-300x300.jpg 300w, https:\/\/paysagiste-couvreur.com\/wp-content\/uploads\/2025\/11\/rea1-150x150.jpg 150w\" sizes=\"(max-width: 350px) 100vw, 350px\" \/><\/div>\n\t\t<\/a>\n\t\t\t\t<div class=\"elementor-post__text\">\n\t\t\t\t<span class=\"elementor-post__title\">\n\t\t\t<a href=\"https:\/\/paysagiste-couvreur.com\/2025\/11\/07\/realisation-faite-par-le-paysagiste-avant\/\" >\n\t\t\t\tR\u00e9alisation faite par le Paysagiste (Avant)\t\t\t<\/a>\n\t\t<\/span>\n\t\t\t\t<div class=\"elementor-post__meta-data\">\n\t\t\t\t\t<span class=\"elementor-post-date\">\n\t\t\t07\/11\/2025\t\t<\/span>\n\t\t\t\t<\/div>\n\t\t\t\t<div class=\"elementor-post__excerpt\">\n\t\t\t<p>Retour R\u00e9alisation faite par le Paysagiste (Avant) Retrouvez toutes nos r\u00e9alisations et notre savoir faire directement \u00e0 travers notre galerie. Nous garantissons \u00e0 nos clients un travail impeccable et des d\u00e9lais respect\u00e9s.<\/p>\n\t\t<\/div>\n\t\t\n\t\t<a class=\"elementor-post__read-more\" href=\"https:\/\/paysagiste-couvreur.com\/2025\/11\/07\/realisation-faite-par-le-paysagiste-avant\/\" aria-label=\"En savoir plus sur R\u00e9alisation faite par le Paysagiste (Avant)\" tabindex=\"-1\" >\n\t\t\tLire la suite \u00bb\t\t<\/a>\n\n\t\t\t\t<\/div>\n\t\t\t\t<\/article>\n\t\t\t\t<article class=\"elementor-post elementor-grid-item post-2300 post type-post status-publish format-standard has-post-thumbnail hentry category-par-defaut\" role=\"listitem\">\n\t\t\t\t<a class=\"elementor-post__thumbnail__link\" href=\"https:\/\/paysagiste-couvreur.com\/2025\/11\/07\/realisation-du-paysagiste-apres\/\" tabindex=\"-1\" >\n\t\t\t<div class=\"elementor-post__thumbnail\"><img decoding=\"async\" width=\"350\" height=\"350\" src=\"https:\/\/paysagiste-couvreur.com\/wp-content\/uploads\/2026\/01\/rea2.jpg\" class=\"attachment-full size-full wp-image-2301\" alt=\"\" srcset=\"https:\/\/paysagiste-couvreur.com\/wp-content\/uploads\/2026\/01\/rea2.jpg 350w, https:\/\/paysagiste-couvreur.com\/wp-content\/uploads\/2026\/01\/rea2-300x300.jpg 300w, https:\/\/paysagiste-couvreur.com\/wp-content\/uploads\/2026\/01\/rea2-150x150.jpg 150w\" sizes=\"(max-width: 350px) 100vw, 350px\" \/><\/div>\n\t\t<\/a>\n\t\t\t\t<div class=\"elementor-post__text\">\n\t\t\t\t<span class=\"elementor-post__title\">\n\t\t\t<a href=\"https:\/\/paysagiste-couvreur.com\/2025\/11\/07\/realisation-du-paysagiste-apres\/\" >\n\t\t\t\tR\u00e9alisation du Paysagiste (Apr\u00e8s)\t\t\t<\/a>\n\t\t<\/span>\n\t\t\t\t<div class=\"elementor-post__meta-data\">\n\t\t\t\t\t<span class=\"elementor-post-date\">\n\t\t\t07\/11\/2025\t\t<\/span>\n\t\t\t\t<\/div>\n\t\t\t\t<div class=\"elementor-post__excerpt\">\n\t\t\t<p>Retour R\u00e9alisation du Paysagiste (Apr\u00e8s) Tout un travail a \u00e9t\u00e9 fait pour donner plus de convivialit\u00e9 dans le jardin.<\/p>\n\t\t<\/div>\n\t\t\n\t\t<a class=\"elementor-post__read-more\" href=\"https:\/\/paysagiste-couvreur.com\/2025\/11\/07\/realisation-du-paysagiste-apres\/\" aria-label=\"En savoir plus sur R\u00e9alisation du Paysagiste (Apr\u00e8s)\" tabindex=\"-1\" >\n\t\t\tLire la suite \u00bb\t\t<\/a>\n\n\t\t\t\t<\/div>\n\t\t\t\t<\/article>\n\t\t\t\t<article class=\"elementor-post elementor-grid-item post-2307 post type-post status-publish format-standard has-post-thumbnail hentry category-par-defaut\" role=\"listitem\">\n\t\t\t\t<a class=\"elementor-post__thumbnail__link\" href=\"https:\/\/paysagiste-couvreur.com\/2025\/11\/07\/creation-de-jardin-adapte-a-votre-espace-avant\/\" tabindex=\"-1\" >\n\t\t\t<div class=\"elementor-post__thumbnail\"><img decoding=\"async\" width=\"350\" height=\"350\" src=\"https:\/\/paysagiste-couvreur.com\/wp-content\/uploads\/2026\/01\/rea3.jpg\" class=\"attachment-full size-full wp-image-2308\" alt=\"\" srcset=\"https:\/\/paysagiste-couvreur.com\/wp-content\/uploads\/2026\/01\/rea3.jpg 350w, https:\/\/paysagiste-couvreur.com\/wp-content\/uploads\/2026\/01\/rea3-300x300.jpg 300w, https:\/\/paysagiste-couvreur.com\/wp-content\/uploads\/2026\/01\/rea3-150x150.jpg 150w\" sizes=\"(max-width: 350px) 100vw, 350px\" \/><\/div>\n\t\t<\/a>\n\t\t\t\t<div class=\"elementor-post__text\">\n\t\t\t\t<span class=\"elementor-post__title\">\n\t\t\t<a href=\"https:\/\/paysagiste-couvreur.com\/2025\/11\/07\/creation-de-jardin-adapte-a-votre-espace-avant\/\" >\n\t\t\t\tCr\u00e9ation de jardin adapt\u00e9 \u00e0 votre espace (Avant)\t\t\t<\/a>\n\t\t<\/span>\n\t\t\t\t<div class=\"elementor-post__meta-data\">\n\t\t\t\t\t<span class=\"elementor-post-date\">\n\t\t\t07\/11\/2025\t\t<\/span>\n\t\t\t\t<\/div>\n\t\t\t\t<div class=\"elementor-post__excerpt\">\n\t\t\t<p>Retour Cr\u00e9ation de jardin adapt\u00e9 \u00e0 votre espace (Avant) Une cr\u00e9ation bien r\u00e9fl\u00e9chie et adapt\u00e9e \u00e0 votre espace.Travaux avec chef sur chantier, et des d\u00e9lais respect\u00e9s.<\/p>\n\t\t<\/div>\n\t\t\n\t\t<a class=\"elementor-post__read-more\" href=\"https:\/\/paysagiste-couvreur.com\/2025\/11\/07\/creation-de-jardin-adapte-a-votre-espace-avant\/\" aria-label=\"En savoir plus sur Cr\u00e9ation de jardin adapt\u00e9 \u00e0 votre espace (Avant)\" tabindex=\"-1\" >\n\t\t\tLire la suite \u00bb\t\t<\/a>\n\n\t\t\t\t<\/div>\n\t\t\t\t<\/article>\n\t\t\t\t<article class=\"elementor-post elementor-grid-item post-2317 post type-post status-publish format-standard has-post-thumbnail hentry category-par-defaut\" role=\"listitem\">\n\t\t\t\t<a class=\"elementor-post__thumbnail__link\" href=\"https:\/\/paysagiste-couvreur.com\/2025\/11\/07\/creation-de-jardin-adapte-a-votre-espace-apres\/\" tabindex=\"-1\" >\n\t\t\t<div class=\"elementor-post__thumbnail\"><img loading=\"lazy\" decoding=\"async\" width=\"350\" height=\"350\" src=\"https:\/\/paysagiste-couvreur.com\/wp-content\/uploads\/2026\/01\/rea4.jpg\" class=\"attachment-full size-full wp-image-2318\" alt=\"\" srcset=\"https:\/\/paysagiste-couvreur.com\/wp-content\/uploads\/2026\/01\/rea4.jpg 350w, https:\/\/paysagiste-couvreur.com\/wp-content\/uploads\/2026\/01\/rea4-300x300.jpg 300w, https:\/\/paysagiste-couvreur.com\/wp-content\/uploads\/2026\/01\/rea4-150x150.jpg 150w\" sizes=\"(max-width: 350px) 100vw, 350px\" \/><\/div>\n\t\t<\/a>\n\t\t\t\t<div class=\"elementor-post__text\">\n\t\t\t\t<span class=\"elementor-post__title\">\n\t\t\t<a href=\"https:\/\/paysagiste-couvreur.com\/2025\/11\/07\/creation-de-jardin-adapte-a-votre-espace-apres\/\" >\n\t\t\t\tCr\u00e9ation de jardin adapt\u00e9 \u00e0 votre espace (Apr\u00e8s)\t\t\t<\/a>\n\t\t<\/span>\n\t\t\t\t<div class=\"elementor-post__meta-data\">\n\t\t\t\t\t<span class=\"elementor-post-date\">\n\t\t\t07\/11\/2025\t\t<\/span>\n\t\t\t\t<\/div>\n\t\t\t\t<div class=\"elementor-post__excerpt\">\n\t\t\t<p>Retour Cr\u00e9ation de jardin adapt\u00e9 \u00e0 votre espace (Apr\u00e8s) Le travail a \u00e9t\u00e9 fait au niveau des plantes et fleurs choisis pour ce jardin.<\/p>\n\t\t<\/div>\n\t\t\n\t\t<a class=\"elementor-post__read-more\" href=\"https:\/\/paysagiste-couvreur.com\/2025\/11\/07\/creation-de-jardin-adapte-a-votre-espace-apres\/\" aria-label=\"En savoir plus sur Cr\u00e9ation de jardin adapt\u00e9 \u00e0 votre espace (Apr\u00e8s)\" tabindex=\"-1\" >\n\t\t\tLire la suite \u00bb\t\t<\/a>\n\n\t\t\t\t<\/div>\n\t\t\t\t<\/article>\n\t\t\t\t<article class=\"elementor-post elementor-grid-item post-2324 post type-post status-publish format-standard has-post-thumbnail hentry category-par-defaut\" role=\"listitem\">\n\t\t\t\t<a class=\"elementor-post__thumbnail__link\" href=\"https:\/\/paysagiste-couvreur.com\/2025\/11\/07\/installation-de-portail\/\" tabindex=\"-1\" >\n\t\t\t<div class=\"elementor-post__thumbnail\"><img loading=\"lazy\" decoding=\"async\" width=\"350\" height=\"350\" src=\"https:\/\/paysagiste-couvreur.com\/wp-content\/uploads\/2026\/01\/rea5.jpg\" class=\"attachment-full size-full wp-image-2325\" alt=\"\" srcset=\"https:\/\/paysagiste-couvreur.com\/wp-content\/uploads\/2026\/01\/rea5.jpg 350w, https:\/\/paysagiste-couvreur.com\/wp-content\/uploads\/2026\/01\/rea5-300x300.jpg 300w, https:\/\/paysagiste-couvreur.com\/wp-content\/uploads\/2026\/01\/rea5-150x150.jpg 150w\" sizes=\"(max-width: 350px) 100vw, 350px\" \/><\/div>\n\t\t<\/a>\n\t\t\t\t<div class=\"elementor-post__text\">\n\t\t\t\t<span class=\"elementor-post__title\">\n\t\t\t<a href=\"https:\/\/paysagiste-couvreur.com\/2025\/11\/07\/installation-de-portail\/\" >\n\t\t\t\tInstallation de portail\t\t\t<\/a>\n\t\t<\/span>\n\t\t\t\t<div class=\"elementor-post__meta-data\">\n\t\t\t\t\t<span class=\"elementor-post-date\">\n\t\t\t07\/11\/2025\t\t<\/span>\n\t\t\t\t<\/div>\n\t\t\t\t<div class=\"elementor-post__excerpt\">\n\t\t\t<p>Retour Installation de portail Installation de portail pour jardin.<\/p>\n\t\t<\/div>\n\t\t\n\t\t<a class=\"elementor-post__read-more\" href=\"https:\/\/paysagiste-couvreur.com\/2025\/11\/07\/installation-de-portail\/\" aria-label=\"En savoir plus sur Installation de portail\" tabindex=\"-1\" >\n\t\t\tLire la suite \u00bb\t\t<\/a>\n\n\t\t\t\t<\/div>\n\t\t\t\t<\/article>\n\t\t\t\t<\/div>\n\t\t\n\t\t\t\t<div class=\"e-load-more-anchor\" data-page=\"1\" data-max-page=\"2\" data-next-page=\"https:\/\/paysagiste-couvreur.com\/nov-apijson\/wp\/v2\/pages\/1972\/page\/2\/\"><\/div>\n\t\t\t\t<nav class=\"elementor-pagination\" aria-label=\"Pagination\">\n\t\t\t<span class=\"page-numbers prev\">&laquo; Pr\u00e9c\u00e9dent<\/span>\n<span aria-current=\"page\" class=\"page-numbers current\"><span class=\"elementor-screen-only\">Page<\/span>1<\/span>\n<a class=\"page-numbers\" href=\"https:\/\/paysagiste-couvreur.com\/nov-apijson\/wp\/v2\/pages\/1972\/page\/2\/\"><span class=\"elementor-screen-only\">Page<\/span>2<\/a>\n<a class=\"page-numbers next\" href=\"https:\/\/paysagiste-couvreur.com\/nov-apijson\/wp\/v2\/pages\/1972\/page\/2\/\">Suivant &raquo;<\/a>\t\t<\/nav>\n\t\t\t\t\t\t<\/div>\n\t\t\t\t<\/div>\n\t\t\t\t\t<\/div>\n\t\t<\/div>\n\t\t\t\t\t<\/div>\n\t\t<\/section>\n\t\t\t\t<section class=\"elementor-section elementor-top-section elementor-element elementor-element-7d2ab15a elementor-section-height-min-height elementor-section-content-middle elementor-section-stretched elementor-section-boxed elementor-section-height-default elementor-section-items-middle\" data-id=\"7d2ab15a\" data-element_type=\"section\" data-e-type=\"section\" data-settings=\"{&quot;background_background&quot;:&quot;classic&quot;,&quot;stretch_section&quot;:&quot;section-stretched&quot;}\">\n\t\t\t\t\t\t\t<div class=\"elementor-background-overlay\"><\/div>\n\t\t\t\t\t\t\t<div class=\"elementor-container elementor-column-gap-default\">\n\t\t\t\t\t<div class=\"elementor-column elementor-col-100 elementor-top-column elementor-element elementor-element-6c36f51d\" data-id=\"6c36f51d\" data-element_type=\"column\" data-e-type=\"column\">\n\t\t\t<div class=\"elementor-widget-wrap elementor-element-populated\">\n\t\t\t\t\t\t<div class=\"elementor-element elementor-element-32e83b74 elementor-widget elementor-widget-image\" data-id=\"32e83b74\" data-element_type=\"widget\" data-e-type=\"widget\" data-widget_type=\"image.default\">\n\t\t\t\t<div class=\"elementor-widget-container\">\n\t\t\t\t\t\t\t\t\t\t\t\t\t\t\t<img loading=\"lazy\" decoding=\"async\" width=\"102\" height=\"99\" src=\"https:\/\/paysagiste-couvreur.com\/wp-content\/uploads\/2026\/01\/icon.png\" class=\"attachment-large size-large wp-image-2134\" alt=\"\" \/>\t\t\t\t\t\t\t\t\t\t\t\t\t\t\t<\/div>\n\t\t\t\t<\/div>\n\t\t\t\t<div class=\"elementor-element elementor-element-7b466f85 elementor-widget elementor-widget-heading\" data-id=\"7b466f85\" data-element_type=\"widget\" data-e-type=\"widget\" data-widget_type=\"heading.default\">\n\t\t\t\t<div class=\"elementor-widget-container\">\n\t\t\t\t\t<h2 class=\"elementor-heading-title elementor-size-default\">Entretien de jardin : un ext\u00e9rieur agr\u00e9able toute l\u2019ann\u00e9e<\/h2>\t\t\t\t<\/div>\n\t\t\t\t<\/div>\n\t\t\t\t<div class=\"elementor-element elementor-element-43dfb9c8 elementor-widget__width-initial elementor-widget elementor-widget-text-editor\" data-id=\"43dfb9c8\" data-element_type=\"widget\" data-e-type=\"widget\" data-widget_type=\"text-editor.default\">\n\t\t\t\t<div class=\"elementor-widget-container\">\n\t\t\t\t\t\t\t\t\t<p>Un entretien r\u00e9gulier permet d\u2019\u00e9viter les d\u00e9gradations, de limiter les interventions lourdes et de profiter pleinement de votre jardin en toutes saisons. Couvreur Paysagiste vous accompagne pour maintenir vos ext\u00e9rieurs propres, sains et harmonieux.<br \/><img decoding=\"async\" draggable=\"false\" role=\"img\" class=\"emoji\" alt=\"\ud83d\udc49\" src=\"https:\/\/s.w.org\/images\/core\/emoji\/17.0.2\/svg\/1f449.svg\" \/> Contactez votre paysagiste pour un devis gratuit d\u2019entretien de jardin \u00e0 Sambreville et alentours.<\/p>\t\t\t\t\t\t\t\t<\/div>\n\t\t\t\t<\/div>\n\t\t\t\t<div class=\"elementor-element elementor-element-6d86ee4d elementor-align-center elementor-widget elementor-widget-button\" data-id=\"6d86ee4d\" data-element_type=\"widget\" data-e-type=\"widget\" data-widget_type=\"button.default\">\n\t\t\t\t<div class=\"elementor-widget-container\">\n\t\t\t\t\t\t\t\t\t<div class=\"elementor-button-wrapper\">\n\t\t\t\t\t<a class=\"elementor-button elementor-button-link elementor-size-sm\" href=\"https:\/\/paysagiste-couvreur.com\/nos-realisations\/\">\n\t\t\t\t\t\t<span class=\"elementor-button-content-wrapper\">\n\t\t\t\t\t\t\t\t\t<span class=\"elementor-button-text\">D\u00e9couvrir<\/span>\n\t\t\t\t\t<\/span>\n\t\t\t\t\t<\/a>\n\t\t\t\t<\/div>\n\t\t\t\t\t\t\t\t<\/div>\n\t\t\t\t<\/div>\n\t\t\t\t\t<\/div>\n\t\t<\/div>\n\t\t\t\t\t<\/div>\n\t\t<\/section>\n\t\t\t\t<\/div>\n\t\t","protected":false},"excerpt":{"rendered":"<p>Contact Cr\u00e9ation de jardin : Chef sur chantier avec un sp\u00e9cialiste pour vous conseiller Yves Couvreur met \u00e0 votre disposition son savoir faire et son expertise pour \u00e9gayer votre jardin. Nous utilisons les meilleurs \u00e9quipements pour rendre votre jardin vivant avec les couleurs du printemps. Entretien de jardin : un [&hellip;]<\/p>\n","protected":false},"author":38,"featured_media":0,"parent":0,"menu_order":0,"comment_status":"closed","ping_status":"closed","template":"","meta":{"footnotes":""},"class_list":["post-1972","page","type-page","status-publish","hentry"],"aioseo_notices":[],"_links":{"self":[{"href":"https:\/\/paysagiste-couvreur.com\/nov-apijson\/wp\/v2\/pages\/1972","targetHints":{"allow":["GET"]}}],"collection":[{"href":"https:\/\/paysagiste-couvreur.com\/nov-apijson\/wp\/v2\/pages"}],"about":[{"href":"https:\/\/paysagiste-couvreur.com\/nov-apijson\/wp\/v2\/types\/page"}],"author":[{"embeddable":true,"href":"https:\/\/paysagiste-couvreur.com\/nov-apijson\/wp\/v2\/users\/38"}],"replies":[{"embeddable":true,"href":"https:\/\/paysagiste-couvreur.com\/nov-apijson\/wp\/v2\/comments?post=1972"}],"version-history":[{"count":16,"href":"https:\/\/paysagiste-couvreur.com\/nov-apijson\/wp\/v2\/pages\/1972\/revisions"}],"predecessor-version":[{"id":2411,"href":"https:\/\/paysagiste-couvreur.com\/nov-apijson\/wp\/v2\/pages\/1972\/revisions\/2411"}],"wp:attachment":[{"href":"https:\/\/paysagiste-couvreur.com\/nov-apijson\/wp\/v2\/media?parent=1972"}],"curies":[{"name":"wp","href":"https:\/\/api.w.org\/{rel}","templated":true}]}}